{"id":14468,"date":"2014-03-28T10:11:36","date_gmt":"2014-03-28T10:11:36","guid":{"rendered":"http:\/\/demo.qodeinteractive.com\/bridge\/?page_id=14468"},"modified":"2026-09-02T22:52:02","modified_gmt":"2026-09-02T22:52:02","slug":"home","status":"publish","type":"page","link":"https:\/\/alberto-gil.com\/","title":{"rendered":"Alberto Gil Yoga Tibetano"},"content":{"rendered":"<p>[vc_row css_animation=\u00bb\u00bb row_type=\u00bbrow\u00bb use_row_as_full_screen_section=\u00bbno\u00bb type=\u00bbgrid\u00bb angled_section=\u00bbno\u00bb text_align=\u00bbleft\u00bb background_image_as_pattern=\u00bbwithout_pattern\u00bb anchor=\u00bbyogatibetano\u00bb background_color=\u00bb#ffffff\u00bb padding_top=\u00bb87&#8243; padding_bottom=\u00bb34&#8243;][vc_column][vc_column_text][ameliasearch][\/vc_column_text][vc_separator type=\u00bbsmall\u00bb position=\u00bbcenter\u00bb up=\u00bb7&#8243; down=\u00bb38&#8243;][vc_column_text]<\/p>\n<h4 style=\"text-align: center;\"><em>La Medicina Tradicional Tibetana nos ense\u00f1a que el mundo f\u00edsico y el de nuestro cuerpo son, en gran medida, producto de nuestra percepci\u00f3n y creencia que ha adquirido de la realidad nuestra mente, dirigiendo nuestro cuerpo hacia la salud o la enfermedad.<\/em><\/h4>\n<p>&nbsp;<\/p>\n<h4 style=\"text-align: center;\"><em>Entendiendo al ser humano como un ser integral, buscamos un equilibrio, comprendiendo que la salud es un derecho, no un azar.<\/em><\/h4>\n<p>[\/vc_column_text][vc_separator type=\u00bbtransparent\u00bb up=\u00bb35&#8243; down=\u00bb22&#8243;][vc_single_image image=\u00bb14351&#8243; img_size=\u00bbfull\u00bb alignment=\u00bbcenter\u00bb qode_css_animation=\u00bbelement_from_bottom\u00bb transition_delay=\u00bb0.3&#8243;][vc_separator type=\u00bbtransparent\u00bb up=\u00bb-35&#8243; down=\u00bb0&#8243;][\/vc_column][\/vc_row][vc_row css_animation=\u00bb\u00bb row_type=\u00bbrow\u00bb use_row_as_full_screen_section=\u00bbno\u00bb type=\u00bbgrid\u00bb angled_section=\u00bbno\u00bb text_align=\u00bbleft\u00bb background_image_as_pattern=\u00bbwithout_pattern\u00bb anchor=\u00bbqueeselyogatibetano\u00bb background_color=\u00bb#ffffff\u00bb padding_top=\u00bb77&#8243; padding_bottom=\u00bb48&#8243;][vc_column width=\u00bb1\/3&#8243;][vc_single_image image=\u00bb14678&#8243; img_size=\u00bbfull\u00bb alignment=\u00bbcenter\u00bb qode_css_animation=\u00bbelement_from_left\u00bb transition_delay=\u00bb0.3&#8243;][\/vc_column][vc_column width=\u00bb2\/3&#8243;][vc_separator type=\u00bbtransparent\u00bb up=\u00bb12&#8243; down=\u00bb0&#8243;][vc_column_text]<\/p>\n<h2 style=\"text-align: left;\">\u00bfQu\u00e9 es el yoga tibetano?<\/h2>\n<p>[\/vc_column_text][vc_separator type=\u00bbsmall\u00bb position=\u00bbleft\u00bb up=\u00bb7&#8243; down=\u00bb38&#8243;][vc_column_text]<\/p>\n<p>El Yoga Tibetano, es un sistema de trabajo para sensibilizarse con la energ\u00eda Vital, que sigue los principios de la Medicina Tradicional Tibetana y de la tradici\u00f3n B\u00f6n y utiliza los fundamentos del budismo t\u00e1ntrico que se centra en el camino espiritual y alcanzar el estado de Vacuidad, que es el estado perfecto de paz y ausencia de sufrimiento.<\/p>\n<p>[\/vc_column_text][vc_separator type=\u00bbtransparent\u00bb up=\u00bb59&#8243; down=\u00bb0&#8243;][\/vc_column][\/vc_row][vc_row css_animation=\u00bb\u00bb row_type=\u00bbrow\u00bb use_row_as_full_screen_section=\u00bbno\u00bb type=\u00bbfull_width\u00bb angled_section=\u00bbno\u00bb text_align=\u00bbleft\u00bb background_image_as_pattern=\u00bbwithout_pattern\u00bb anchor=\u00bbcentro\u00bb][vc_column][vc_separator type=\u00bbtransparent\u00bb up=\u00bb15&#8243; down=\u00bb15&#8243;][vc_column_text]<\/p>\n<h2 style=\"text-align: center;\">El Centro<\/h2>\n<p>&nbsp;<\/p>\n<h4 style=\"text-align: center;\">Un ambiente propicio para la calma y el bienestar<\/h4>\n<p>[\/vc_column_text][vc_separator type=\u00bbtransparent\u00bb up=\u00bb30&#8243; down=\u00bb15&#8243;][vc_gallery type=\u00bbimage_grid\u00bb images=\u00bb14673,14796,15038,15040,15041,15056&#8243; column_number=\u00bb6&#8243; grayscale=\u00bbno\u00bb images_space=\u00bbgallery_without_space\u00bb][\/vc_column][\/vc_row][vc_row css_animation=\u00bb\u00bb row_type=\u00bbrow\u00bb use_row_as_full_screen_section=\u00bbno\u00bb type=\u00bbgrid\u00bb angled_section=\u00bbno\u00bb text_align=\u00bbleft\u00bb background_image_as_pattern=\u00bbwithout_pattern\u00bb padding_top=\u00bb54&#8243; padding_bottom=\u00bb58&#8243;][vc_column][vc_column_text]<\/p>\n<h4 style=\"text-align: center;\">\u00a0Estamos en R\u00faa do Bardo &#8211; Esquina Cami\u00f1o do Ferro, 36003, Pontevedra \u00a0 \u00a0 <a  itemprop=\"url\" href=\"#contacto\" target=\"_self\"  class=\"qbutton  medium default\" style=\"\">CONTACTA AHORA<\/a><\/h4>\n<p>[\/vc_column_text][\/vc_column][\/vc_row][vc_row css_animation=\u00bb\u00bb row_type=\u00bbrow\u00bb use_row_as_full_screen_section=\u00bbno\u00bb type=\u00bbfull_width\u00bb angled_section=\u00bbno\u00bb text_align=\u00bbleft\u00bb background_image_as_pattern=\u00bbwithout_pattern\u00bb][vc_column][vc_separator type=\u00bbtransparent\u00bb up=\u00bb30&#8243; down=\u00bb30&#8243;][\/vc_column][\/vc_row][vc_row css_animation=\u00bb\u00bb row_type=\u00bbrow\u00bb use_row_as_full_screen_section=\u00bbno\u00bb type=\u00bbfull_width\u00bb angled_section=\u00bbno\u00bb text_align=\u00bbleft\u00bb background_image_as_pattern=\u00bbwithout_pattern\u00bb anchor=\u00bblinaje\u00bb background_image=\u00bb14820&#8243; background_color=\u00bb#ffffff\u00bb padding_top=\u00bb97&#8243;][vc_column width=\u00bb1\/3&#8243;][vc_row_inner row_type=\u00bbrow\u00bb type=\u00bbfull_width\u00bb text_align=\u00bbcenter\u00bb css_animation=\u00bb\u00bb side_padding=\u00bb10&#8243;][vc_column_inner][vc_separator type=\u00bbtransparent\u00bb up=\u00bb10&#8243; down=\u00bb0&#8243;][vc_column_text]<\/p>\n<h2 style=\"text-align: center;\"><span style=\"color: #ffffff;\">Linaje\u00a0Jamyang Yoga<\/span><\/h2>\n<p>[\/vc_column_text][vc_separator type=\u00bbsmall\u00bb position=\u00bbcenter\u00bb up=\u00bb7&#8243; down=\u00bb38&#8243;][vc_column_text]<\/p>\n<h4 style=\"text-align: justify;\"><span style=\"color: #ffffff;\">Linaje al que corresponden las 48 series con sus respectivas meditaciones y respiraciones procedentes de la tradici\u00f3n B\u00f6n y de diversas escuelas y\u00f3guico-tibetanas aprendidas por mi Maestro Sangye Dorje (Javier Akerman), que a su vez recibi\u00f3 las ense\u00f1anzas de Tulku Tsering, maestro tibetano exiliado del Tibet y que lleg\u00f3 a Espa\u00f1a en el a\u00f1o 1973.<\/span><\/h4>\n<p>[\/vc_column_text][vc_separator type=\u00bbtransparent\u00bb up=\u00bb35&#8243; down=\u00bb0&#8243;][\/vc_column_inner][\/vc_row_inner][\/vc_column][vc_column width=\u00bb1\/3&#8243;][vc_single_image image=\u00bb14200&#8243; img_size=\u00bbfull\u00bb qode_css_animation=\u00bbelement_from_right\u00bb transition_delay=\u00bb0.3&#8243;][vc_separator type=\u00bbtransparent\u00bb up=\u00bb80&#8243; down=\u00bb8&#8243;][\/vc_column][vc_column width=\u00bb1\/3&#8243;][vc_column_text]<br \/>\n[\/vc_column_text][\/vc_column][\/vc_row][vc_row css_animation=\u00bb\u00bb row_type=\u00bbrow\u00bb use_row_as_full_screen_section=\u00bbno\u00bb type=\u00bbfull_width\u00bb angled_section=\u00bbno\u00bb text_align=\u00bbleft\u00bb background_image_as_pattern=\u00bbwithout_pattern\u00bb anchor=\u00bbhorario\u00bb][vc_column][vc_separator type=\u00bbtransparent\u00bb up=\u00bb30&#8243; down=\u00bb30&#8243;][vc_column_text]<\/p>\n<h2 style=\"text-align: center;\">HORARIOS<\/h2>\n<p>[\/vc_column_text][vc_separator type=\u00bbtransparent\u00bb up=\u00bb15&#8243; down=\u00bb15&#8243;][\/vc_column][\/vc_row][vc_row css_animation=\u00bb\u00bb row_type=\u00bbrow\u00bb use_row_as_full_screen_section=\u00bbno\u00bb type=\u00bbfull_width\u00bb angled_section=\u00bbno\u00bb text_align=\u00bbcenter\u00bb background_image_as_pattern=\u00bbwithout_pattern\u00bb][vc_column width=\u00bb1\/4&#8243;][vc_column_text]<br \/>\n[\/vc_column_text][\/vc_column][vc_column width=\u00bb1\/2&#8243;][vc_column_text]<\/p>\n<p style=\"text-align: center;\">Disponemos de grupos de Yoga Tibetano y Meditaci\u00f3n tanto en horario de ma\u00f1ana, tarde y noche. Las clases tienen una duraci\u00f3n de 1 hora y media, que incluye 1 hora de Yoga Tibetano y 30 minutos de meditaci\u00f3n guiada.<\/p>\n<p>[\/vc_column_text][vc_separator type=\u00bbtransparent\u00bb up=\u00bb15&#8243; down=\u00bb15&#8243;][vc_column_text]<\/p>\n<h4 style=\"text-align: center;\">Consulta la disponibilidad de los grupos<\/h4>\n<p>[\/vc_column_text][vc_separator type=\u00bbtransparent\u00bb up=\u00bb15&#8243; down=\u00bb15&#8243;]<a  itemprop=\"url\" href=\"#contacto\" target=\"_self\"  class=\"qbutton  large center default\" style=\"\">647 649 682<\/a>[vc_separator type=\u00bbnormal\u00bb][vc_single_image image=\u00bb15363&#8243; img_size=\u00bbfull\u00bb add_caption=\u00bbyes\u00bb alignment=\u00bbcenter\u00bb style=\u00bbvc_box_border\u00bb onclick=\u00bbimg_link_large\u00bb qode_css_animation=\u00bb\u00bb][\/vc_column][vc_column width=\u00bb1\/4&#8243;][vc_column_text]<br \/>\n[\/vc_column_text][\/vc_column][\/vc_row][vc_row css_animation=\u00bb\u00bb row_type=\u00bbrow\u00bb use_row_as_full_screen_section=\u00bbno\u00bb type=\u00bbgrid\u00bb angled_section=\u00bbno\u00bb text_align=\u00bbleft\u00bb background_image_as_pattern=\u00bbwithout_pattern\u00bb anchor=\u00bbtrabajo\u00bb padding_top=\u00bb52&#8243;][vc_column][vc_column_text]<\/p>\n<h2 style=\"text-align: center;\">En el transcurso de una clase, realizaremos las siguientes practicas:<\/h2>\n<p>&nbsp;<\/p>\n<p>[\/vc_column_text][qode_circles columns=\u00bbfive_columns\u00bb circle_line=\u00bbno_line\u00bb][qode_circle type=\u00bbimage_type\u00bb title_tag=\u00bbh2&#8243; image=\u00bb14812&#8243; title=\u00bbTsa Lung\u00bb text=\u00bbPractica que combina t\u00e9cnicas especiales de respiraci\u00f3n con movimientos f\u00edsicos sutilizando la energ\u00eda de nuestro cuerpo\u00bb][qode_circle type=\u00bbimage_type\u00bb title_tag=\u00bbh2&#8243; image=\u00bb14812&#8243; title=\u00bbJamyang Yoga\u00a9\u00bb text=\u00bbSeries de Yoga procedentes de la tradici\u00f3n B\u00f6n, aut\u00f3ctona del T\u00edbet y de diversas escuelas budistas yoguico tibetanas.\u00bb][qode_circle type=\u00bbimage_type\u00bb title_tag=\u00bbh2&#8243; image=\u00bb14812&#8243; title=\u00bbFisiomYoga\u00a9\u00bb text=\u00bbYoga fusionado a la fisioterapia y la osteopat\u00eda permitiendo realizar la pr\u00e1ctica con seguridad, adapt\u00e1ndose a cualquier patolog\u00eda o lesi\u00f3n ofreciendo una mayor seguridad y confianza\u00bb][qode_circle type=\u00bbimage_type\u00bb title_tag=\u00bbh2&#8243; image=\u00bb14812&#8243; title=\u00bbLuohan Chi Kung\u00bb text=\u00bbFormado en el primer m\u00f3dulo por la escuela Chinarte\u00a9, el Chi Kung es el complemento ideal a nuestra pr\u00e1ctica en la reestructuraci\u00f3n y mantenimiento de la energ\u00eda esencial del organismo\u00bb][qode_circle type=\u00bbimage_type\u00bb title_tag=\u00bbh2&#8243; title=\u00bbMeditaci\u00f3n\u00bb image=\u00bb14812&#8243; text=\u00bbPr\u00e1ctica imprescindible en la que trabajaremos la observaci\u00f3n, manteniendo la presencia en la consciencia y el momento presente\u00bb][\/qode_circles][\/vc_column][\/vc_row][vc_row css_animation=\u00bb\u00bb row_type=\u00bbrow\u00bb use_row_as_full_screen_section=\u00bbno\u00bb type=\u00bbfull_width\u00bb angled_section=\u00bbno\u00bb text_align=\u00bbleft\u00bb background_image_as_pattern=\u00bbwithout_pattern\u00bb][vc_column][vc_separator type=\u00bbtransparent\u00bb up=\u00bb30&#8243; down=\u00bb30&#8243;][\/vc_column][\/vc_row][vc_row css_animation=\u00bb\u00bb row_type=\u00bbrow\u00bb use_row_as_full_screen_section=\u00bbno\u00bb type=\u00bbfull_width\u00bb angled_section=\u00bbno\u00bb text_align=\u00bbleft\u00bb background_image_as_pattern=\u00bbwithout_pattern\u00bb anchor=\u00bbcontacto\u00bb][vc_column][vc_column_text]<\/p>\n<h2 style=\"text-align: center;\">Contacto<\/h2>\n<p>[\/vc_column_text][vc_separator type=\u00bbtransparent\u00bb up=\u00bb30&#8243; down=\u00bb30&#8243;][vc_column_text]<br \/>\n[\/vc_column_text][\/vc_column][\/vc_row][vc_row css_animation=\u00bb\u00bb row_type=\u00bbrow\u00bb use_row_as_full_screen_section=\u00bbno\u00bb type=\u00bbgrid\u00bb angled_section=\u00bbno\u00bb text_align=\u00bbleft\u00bb background_image_as_pattern=\u00bbwithout_pattern\u00bb][vc_column width=\u00bb2\/5&#8243;][vc_gmaps link=\u00bb#E-8_JTNDaWZyYW1lJTIwc3JjJTNEJTIyaHR0cHMlM0ElMkYlMkZ3d3cuZ29vZ2xlLmNvbSUyRm1hcHMlMkZlbWJlZCUzRnBiJTNEJTIxMW0xOCUyMTFtMTIlMjExbTMlMjExZDI5NDUuMjAxOTAwOTg4MDI3MyUyMTJkLTguNjM3OTAyNzg0MjQ2OTk3JTIxM2Q0Mi40MjM0MzcxMzkwODg5NzUlMjEybTMlMjExZjAlMjEyZjAlMjEzZjAlMjEzbTIlMjExaTEwMjQlMjEyaTc2OCUyMTRmMTMuMSUyMTNtMyUyMTFtMiUyMTFzMHhkMmY3MWI1MDhmNTMyYzUlMjUzQTB4NzhlNDRiMzdiZGQ4NTEzOSUyMTJzUiUyNUMzJTI1QkFhJTJCZG8lMkJCYXJkbyUyNTJDJTJCMzYwMDMlMkJQb250ZXZlZHJhJTIxNWUwJTIxM20yJTIxMXNlcyUyMTJzZXMlMjE0djE0NTg1Nzg1OTEwMjglMjIlMjB3aWR0aCUzRCUyMjYwMCUyMiUyMGhlaWdodCUzRCUyMjQ1MCUyMiUyMGZyYW1lYm9yZGVyJTNEJTIyMCUyMiUyMHN0eWxlJTNEJTIyYm9yZGVyJTNBMCUyMiUyMGFsbG93ZnVsbHNjcmVlbiUzRSUzQyUyRmlmcmFtZSUzRQ==\u00bb][vc_empty_space]<div class=\"q_icon_list\"><i class=\"qode_icon_font_awesome fa fa-home qode-ili-icon-holder circle\" style=\"\" ><\/i><p style=\"\">R\u00faa do Bardo - Esquina Cami\u00f1o do Ferro, 36003, Pontevedra<\/p><\/div><div class=\"q_icon_list\"><i class=\"qode_icon_font_awesome fa fa-envelope qode-ili-icon-holder circle\" style=\"\" ><\/i><p style=\"\">yogatibetano@alberto-gil.com<\/p><\/div><div class=\"q_icon_list\"><i class=\"qode_icon_font_awesome fa fa-mobile qode-ili-icon-holder circle\" style=\"\" ><\/i><p style=\"\">647 649 682<\/p><\/div>[\/vc_column][vc_column width=\u00bb3\/5&#8243;]\n<div class=\"wpcf7 no-js\" id=\"wpcf7-f14868-o1\" lang=\"es-ES\" dir=\"ltr\" data-wpcf7-id=\"14868\">\n<div class=\"screen-reader-response\"><p role=\"status\" aria-live=\"polite\" aria-atomic=\"true\"><\/p> <ul><\/ul><\/div>\n<form action=\"\/index.php?rest_route=%2Fwp%2Fv2%2Fpages%2F14468#wpcf7-f14868-o1\" method=\"post\" class=\"wpcf7-form init default\" aria-label=\"Formulario de contacto\" novalidate=\"novalidate\" data-status=\"init\">\n<fieldset class=\"hidden-fields-container\"><input type=\"hidden\" name=\"_wpcf7\" value=\"14868\" \/><input type=\"hidden\" name=\"_wpcf7_version\" value=\"6.1.7\" \/><input type=\"hidden\" name=\"_wpcf7_locale\" value=\"es_ES\" \/><input type=\"hidden\" name=\"_wpcf7_unit_tag\" value=\"wpcf7-f14868-o1\" \/><input type=\"hidden\" name=\"_wpcf7_container_post\" value=\"0\" \/><input type=\"hidden\" name=\"_wpcf7_posted_data_hash\" value=\"\" \/>\n<\/fieldset>\n<p>Nombre (requerido)\n<\/p>\n<p><span class=\"wpcf7-form-control-wrap\" data-name=\"your-name\"><input size=\"40\" maxlength=\"400\" class=\"wpcf7-form-control wpcf7-text wpcf7-validates-as-required\" aria-required=\"true\" aria-invalid=\"false\" value=\"\" type=\"text\" name=\"your-name\" \/><\/span>\n<\/p>\n<p>Correo electr\u00f3nico (requerido)\n<\/p>\n<p><span class=\"wpcf7-form-control-wrap\" data-name=\"your-email\"><input size=\"40\" maxlength=\"400\" class=\"wpcf7-form-control wpcf7-email wpcf7-validates-as-required wpcf7-text wpcf7-validates-as-email\" aria-required=\"true\" aria-invalid=\"false\" value=\"\" type=\"email\" name=\"your-email\" \/><\/span>\n<\/p>\n<p>Tel\u00e9fono (requerido)\n<\/p>\n<p><span class=\"wpcf7-form-control-wrap\" data-name=\"tel-635\"><input size=\"40\" maxlength=\"400\" class=\"wpcf7-form-control wpcf7-tel wpcf7-validates-as-required wpcf7-text wpcf7-validates-as-tel\" aria-required=\"true\" aria-invalid=\"false\" value=\"\" type=\"tel\" name=\"tel-635\" \/><\/span>\n<\/p>\n<p>Mensaje\n<\/p>\n<p><span class=\"wpcf7-form-control-wrap\" data-name=\"your-message\"><textarea cols=\"40\" rows=\"10\" maxlength=\"2000\" class=\"wpcf7-form-control wpcf7-textarea\" aria-invalid=\"false\" name=\"your-message\"><\/textarea><\/span>\n<\/p>\n<p><input type=\"hidden\" name=\"_wpcf7_captcha_challenge_captcha-170\" value=\"2078040801\" \/><img loading=\"lazy\" decoding=\"async\" class=\"wpcf7-form-control wpcf7-captchac wpcf7-captcha-captcha-170\" width=\"72\" height=\"24\" alt=\"captcha\" src=\"https:\/\/alberto-gil.com\/wp-content\/uploads\/wpcf7_captcha\/2078040801.png\" \/>\n<\/p>\n<p>Inserte este c\u00f3digo por seguridad:<br \/>\n<span class=\"wpcf7-form-control-wrap\" data-name=\"captcha-170\"><input size=\"4\" maxlength=\"4\" class=\"wpcf7-form-control wpcf7-captchar\" autocomplete=\"off\" aria-invalid=\"false\" value=\"\" type=\"text\" name=\"captcha-170\" \/><\/span>\n<\/p>\n<p><span class=\"wpcf7-form-control-wrap\" data-name=\"acceptance-591\"><span class=\"wpcf7-form-control wpcf7-acceptance\"><span class=\"wpcf7-list-item\"><input type=\"checkbox\" name=\"acceptance-591\" value=\"1\" aria-invalid=\"false\" \/><\/span><\/span><\/span> He le&iacute;do y acepto la <a href=\"http:\/\/alberto-gil.com\/politica-de-privacidad\/\">Pol&iacute;tica de Privacidad<\/a> y el <a href=\"http:\/\/alberto-gil.com\/aviso-legal\/\" target=\"_blank\" rel=\"noopener\">Aviso Legal<\/a>, <a href=\"http:\/\/alberto-gil.com\/politica-de-cookies\" target=\"_blank\" rel=\"noopener\">Pol&iacute;tica de Cookies<\/a>\n<\/p>\n<p><strong>PROTECCI&Oacute;N DE DATOS <\/strong>Reglamento General Protecci&oacute;n de Datos (UE) 2016\/679<br \/>\n<strong>Responsable del tratamiento<\/strong>: ALBERTO GIL LANDEIRA<br \/>\n<strong>Finalidad<\/strong>: los datos que se proporcionen a trav&eacute;s de la web ser&aacute;n tratados para el env&iacute;o de la informaci&oacute;n solicitada.<br \/>\n<strong>Legitimaci&oacute;n<\/strong>: El consentimiento expreso prestado<br \/>\n<strong>Destinatarios<\/strong>: No se realizar&aacute;n cesiones de datos,<br \/>\n<strong>Derechos<\/strong>: Podr&aacute; ejercitar los derechos de acceso, rectificaci&oacute;n, supresi&oacute;n de los datos, as&iacute; como otros derechos, tal y como se explica en <a href=\"http:\/\/alberto-gil.com\">www.alberto-gil.com<\/a>\n<\/p>\n<p><input class=\"wpcf7-form-control wpcf7-submit has-spinner\" type=\"submit\" value=\"Enviar\" \/>\n<\/p><p style=\"display: none !important;\" class=\"akismet-fields-container\" data-prefix=\"_wpcf7_ak_\"><label>&#916;<textarea name=\"_wpcf7_ak_hp_textarea\" cols=\"45\" rows=\"8\" maxlength=\"100\"><\/textarea><\/label><input type=\"hidden\" id=\"ak_js_1\" name=\"_wpcf7_ak_js\" value=\"141\"\/><script>\ndocument.getElementById( \"ak_js_1\" ).setAttribute( \"value\", ( new Date() ).getTime() );\n<\/script>\n<\/p><div class=\"wpcf7-response-output\" aria-hidden=\"true\"><\/div>\n<\/form>\n<\/div>\n[\/vc_column][\/vc_row][vc_row css_animation=\u00bb\u00bb row_type=\u00bbrow\u00bb use_row_as_full_screen_section=\u00bbno\u00bb type=\u00bbfull_width\u00bb angled_section=\u00bbno\u00bb text_align=\u00bbleft\u00bb background_image_as_pattern=\u00bbwithout_pattern\u00bb][vc_column][vc_column_text]<br \/>\n[\/vc_column_text][\/vc_column][\/vc_row][vc_row css_animation=\u00bb\u00bb row_type=\u00bbrow\u00bb use_row_as_full_screen_section=\u00bbno\u00bb type=\u00bbfull_width\u00bb angled_section=\u00bbno\u00bb text_align=\u00bbleft\u00bb background_image_as_pattern=\u00bbwithout_pattern\u00bb][vc_column][vc_column_text]<br \/>\n[\/vc_column_text][\/vc_column][\/vc_row][vc_row css_animation=\u00bb\u00bb row_type=\u00bbrow\u00bb use_row_as_full_screen_section=\u00bbno\u00bb type=\u00bbfull_width\u00bb angled_section=\u00bbno\u00bb text_align=\u00bbleft\u00bb background_image_as_pattern=\u00bbwithout_pattern\u00bb][vc_column][vc_separator type=\u00bbnormal\u00bb][\/vc_column][\/vc_row]<\/p>\n","protected":false},"excerpt":{"rendered":"<p>[vc_row css_animation=\u00bb\u00bb row_type=\u00bbrow\u00bb use_row_as_full_screen_section=\u00bbno\u00bb type=\u00bbgrid\u00bb angled_section=\u00bbno\u00bb text_align=\u00bbleft\u00bb background_image_as_pattern=\u00bbwithout_pattern\u00bb anchor=\u00bbyogatibetano\u00bb background_color=\u00bb#ffffff\u00bb padding_top=\u00bb87&#8243; padding_bottom=\u00bb34&#8243;][vc_column][vc_column_text][ameliasearch][\/vc_column_text][vc_separator type=\u00bbsmall\u00bb position=\u00bbcenter\u00bb up=\u00bb7&#8243; down=\u00bb38&#8243;][vc_column_text] La Medicina Tradicional Tibetana nos ense\u00f1a que el mundo f\u00edsico y el de nuestro cuerpo son, en gran medida, producto de nuestra percepci\u00f3n y creencia que ha adquirido de&#8230;<\/p>\n","protected":false},"author":3,"featured_media":0,"parent":0,"menu_order":0,"comment_status":"open","ping_status":"open","template":"full_width.php","meta":{"footnotes":""},"class_list":["post-14468","page","type-page","status-publish","hentry"],"aioseo_notices":[],"aioseo_head":"\n\t\t<!-- All in One SEO 5.0.1.1 - aioseo.com -->\n\t<meta name=\"description\" content=\"[ameliasearch] La Medicina Tradicional Tibetana nos ense\u00f1a que el mundo f\u00edsico y el de nuestro cuerpo son, en gran medida, producto de nuestra percepci\u00f3n y creencia que ha adquirido de la realidad nuestra mente, dirigiendo nuestro cuerpo hacia la salud o la enfermedad. Entendiendo al ser humano como un ser integral, buscamos un equilibrio,\" \/>\n\t<meta name=\"robots\" content=\"max-image-preview:large\" \/>\n\t<link rel=\"canonical\" href=\"https:\/\/alberto-gil.com\/\" \/>\n\t<meta name=\"generator\" content=\"All in One SEO (AIOSEO) 5.0.1.1\" \/>\n\t\t<meta property=\"og:locale\" content=\"es_ES\" \/>\n\t\t<meta property=\"og:site_name\" content=\"Alberto Gil - Yoga Tibetano y Meditaci\u00f3n - Yoga en Pontevedra\" \/>\n\t\t<meta property=\"og:type\" content=\"website\" \/>\n\t\t<meta property=\"og:title\" content=\"Alberto Gil Yoga Tibetano - Alberto Gil - Yoga Tibetano y Meditaci\u00f3n\" \/>\n\t\t<meta property=\"og:description\" content=\"[ameliasearch] La Medicina Tradicional Tibetana nos ense\u00f1a que el mundo f\u00edsico y el de nuestro cuerpo son, en gran medida, producto de nuestra percepci\u00f3n y creencia que ha adquirido de la realidad nuestra mente, dirigiendo nuestro cuerpo hacia la salud o la enfermedad. Entendiendo al ser humano como un ser integral, buscamos un equilibrio,\" \/>\n\t\t<meta property=\"og:url\" content=\"https:\/\/alberto-gil.com\/\" \/>\n\t\t<meta name=\"twitter:card\" content=\"summary_large_image\" \/>\n\t\t<meta name=\"twitter:title\" content=\"Alberto Gil Yoga Tibetano - Alberto Gil - Yoga Tibetano y Meditaci\u00f3n\" \/>\n\t\t<meta name=\"twitter:description\" content=\"[ameliasearch] La Medicina Tradicional Tibetana nos ense\u00f1a que el mundo f\u00edsico y el de nuestro cuerpo son, en gran medida, producto de nuestra percepci\u00f3n y creencia que ha adquirido de la realidad nuestra mente, dirigiendo nuestro cuerpo hacia la salud o la enfermedad. Entendiendo al ser humano como un ser integral, buscamos un equilibrio,\" \/>\n\t\t<script type=\"application\/ld+json\" class=\"aioseo-schema\">\n\t\t\t{\"@context\":\"https:\\\/\\\/schema.org\",\"@graph\":[{\"@type\":\"BreadcrumbList\",\"@id\":\"https:\\\/\\\/alberto-gil.com\\\/#breadcrumblist\",\"itemListElement\":[{\"@type\":\"ListItem\",\"@id\":\"https:\\\/\\\/alberto-gil.com#listItem\",\"position\":1,\"name\":\"Inicio\",\"item\":\"https:\\\/\\\/alberto-gil.com\",\"nextItem\":{\"@type\":\"ListItem\",\"@id\":\"https:\\\/\\\/alberto-gil.com\\\/#listItem\",\"name\":\"Alberto Gil Yoga Tibetano\"}},{\"@type\":\"ListItem\",\"@id\":\"https:\\\/\\\/alberto-gil.com\\\/#listItem\",\"position\":2,\"name\":\"Alberto Gil Yoga Tibetano\",\"previousItem\":{\"@type\":\"ListItem\",\"@id\":\"https:\\\/\\\/alberto-gil.com#listItem\",\"name\":\"Inicio\"}}]},{\"@type\":\"Organization\",\"@id\":\"https:\\\/\\\/alberto-gil.com\\\/#organization\",\"name\":\"Alberto Gil - Yoga Tibetano y Meditaci\\u00f3n\",\"description\":\"Yoga en Pontevedra\",\"url\":\"https:\\\/\\\/alberto-gil.com\\\/\"},{\"@type\":\"WebPage\",\"@id\":\"https:\\\/\\\/alberto-gil.com\\\/#webpage\",\"url\":\"https:\\\/\\\/alberto-gil.com\\\/\",\"name\":\"Alberto Gil Yoga Tibetano - Alberto Gil - Yoga Tibetano y Meditaci\\u00f3n\",\"description\":\"[ameliasearch] La Medicina Tradicional Tibetana nos ense\\u00f1a que el mundo f\\u00edsico y el de nuestro cuerpo son, en gran medida, producto de nuestra percepci\\u00f3n y creencia que ha adquirido de la realidad nuestra mente, dirigiendo nuestro cuerpo hacia la salud o la enfermedad. Entendiendo al ser humano como un ser integral, buscamos un equilibrio,\",\"inLanguage\":\"es-ES\",\"isPartOf\":{\"@id\":\"https:\\\/\\\/alberto-gil.com\\\/#website\"},\"breadcrumb\":{\"@id\":\"https:\\\/\\\/alberto-gil.com\\\/#breadcrumblist\"},\"datePublished\":\"2014-03-28T10:11:36+00:00\",\"dateModified\":\"2026-09-02T22:52:02+00:00\"},{\"@type\":\"WebSite\",\"@id\":\"https:\\\/\\\/alberto-gil.com\\\/#website\",\"url\":\"https:\\\/\\\/alberto-gil.com\\\/\",\"name\":\"Alberto Gil - Yoga Tibetano y Meditaci\\u00f3n\",\"description\":\"Yoga en Pontevedra\",\"inLanguage\":\"es-ES\",\"publisher\":{\"@id\":\"https:\\\/\\\/alberto-gil.com\\\/#organization\"}}]}\n\t\t<\/script>\n\t\t<!-- All in One SEO -->\n\n","aioseo_head_json":{"title":"Alberto Gil Yoga Tibetano - Alberto Gil - Yoga Tibetano y Meditaci\u00f3n","description":"[ameliasearch] La Medicina Tradicional Tibetana nos ense\u00f1a que el mundo f\u00edsico y el de nuestro cuerpo son, en gran medida, producto de nuestra percepci\u00f3n y creencia que ha adquirido de la realidad nuestra mente, dirigiendo nuestro cuerpo hacia la salud o la enfermedad. Entendiendo al ser humano como un ser integral, buscamos un equilibrio,","canonical_url":"https:\/\/alberto-gil.com\/","robots":"max-image-preview:large","keywords":"","webmasterTools":{"miscellaneous":""},"schema":{"@context":"https:\/\/schema.org","@graph":[{"@type":"BreadcrumbList","@id":"https:\/\/alberto-gil.com\/#breadcrumblist","itemListElement":[{"@type":"ListItem","@id":"https:\/\/alberto-gil.com#listItem","position":1,"name":"Inicio","item":"https:\/\/alberto-gil.com","nextItem":{"@type":"ListItem","@id":"https:\/\/alberto-gil.com\/#listItem","name":"Alberto Gil Yoga Tibetano"}},{"@type":"ListItem","@id":"https:\/\/alberto-gil.com\/#listItem","position":2,"name":"Alberto Gil Yoga Tibetano","previousItem":{"@type":"ListItem","@id":"https:\/\/alberto-gil.com#listItem","name":"Inicio"}}]},{"@type":"Organization","@id":"https:\/\/alberto-gil.com\/#organization","name":"Alberto Gil - Yoga Tibetano y Meditaci\u00f3n","description":"Yoga en Pontevedra","url":"https:\/\/alberto-gil.com\/"},{"@type":"WebPage","@id":"https:\/\/alberto-gil.com\/#webpage","url":"https:\/\/alberto-gil.com\/","name":"Alberto Gil Yoga Tibetano - Alberto Gil - Yoga Tibetano y Meditaci\u00f3n","description":"[ameliasearch] La Medicina Tradicional Tibetana nos ense\u00f1a que el mundo f\u00edsico y el de nuestro cuerpo son, en gran medida, producto de nuestra percepci\u00f3n y creencia que ha adquirido de la realidad nuestra mente, dirigiendo nuestro cuerpo hacia la salud o la enfermedad. Entendiendo al ser humano como un ser integral, buscamos un equilibrio,","inLanguage":"es-ES","isPartOf":{"@id":"https:\/\/alberto-gil.com\/#website"},"breadcrumb":{"@id":"https:\/\/alberto-gil.com\/#breadcrumblist"},"datePublished":"2014-03-28T10:11:36+00:00","dateModified":"2026-09-02T22:52:02+00:00"},{"@type":"WebSite","@id":"https:\/\/alberto-gil.com\/#website","url":"https:\/\/alberto-gil.com\/","name":"Alberto Gil - Yoga Tibetano y Meditaci\u00f3n","description":"Yoga en Pontevedra","inLanguage":"es-ES","publisher":{"@id":"https:\/\/alberto-gil.com\/#organization"}}]},"og:locale":"es_ES","og:site_name":"Alberto Gil - Yoga Tibetano y Meditaci\u00f3n - Yoga en Pontevedra","og:type":"website","og:title":"Alberto Gil Yoga Tibetano - Alberto Gil - Yoga Tibetano y Meditaci\u00f3n","og:description":"[ameliasearch] La Medicina Tradicional Tibetana nos ense\u00f1a que el mundo f\u00edsico y el de nuestro cuerpo son, en gran medida, producto de nuestra percepci\u00f3n y creencia que ha adquirido de la realidad nuestra mente, dirigiendo nuestro cuerpo hacia la salud o la enfermedad. Entendiendo al ser humano como un ser integral, buscamos un equilibrio,","og:url":"https:\/\/alberto-gil.com\/","twitter:card":"summary_large_image","twitter:title":"Alberto Gil Yoga Tibetano - Alberto Gil - Yoga Tibetano y Meditaci\u00f3n","twitter:description":"[ameliasearch] La Medicina Tradicional Tibetana nos ense\u00f1a que el mundo f\u00edsico y el de nuestro cuerpo son, en gran medida, producto de nuestra percepci\u00f3n y creencia que ha adquirido de la realidad nuestra mente, dirigiendo nuestro cuerpo hacia la salud o la enfermedad. Entendiendo al ser humano como un ser integral, buscamos un equilibrio,"},"aioseo_meta_data":{"post_id":"14468","title":null,"description":null,"keywords":null,"keyphrases":{"focus":{"keyphrase":"","score":0,"analysis":{"keyphraseInTitle":{"score":0,"maxScore":9,"error":1}}},"additional":[]},"canonical_url":null,"og_title":null,"og_description":null,"og_object_type":"website","og_image_type":"default","og_image_url":null,"og_image_width":null,"og_image_height":null,"og_image_custom_url":null,"og_image_custom_fields":null,"og_video":"","og_custom_url":null,"og_article_section":null,"og_article_tags":null,"twitter_use_og":false,"twitter_card":"default","twitter_image_type":"default","twitter_image_url":null,"twitter_image_custom_url":null,"twitter_image_custom_fields":null,"twitter_title":null,"twitter_description":null,"schema":{"blockGraphs":[],"customGraphs":[],"default":{"data":{"Article":[],"Course":[],"Dataset":[],"FAQPage":[],"Movie":[],"Person":[],"Product":[],"ProductReview":[],"Car":[],"Recipe":[],"Service":[],"SoftwareApplication":[],"WebPage":[]},"graphName":"WebPage","isEnabled":true},"graphs":[]},"schema_type":"default","schema_type_options":null,"pillar_content":false,"robots_default":true,"robots_noindex":false,"robots_noarchive":false,"robots_nosnippet":false,"robots_nofollow":false,"robots_noimageindex":false,"robots_noodp":false,"robots_notranslate":false,"robots_max_snippet":"-1","robots_max_videopreview":"-1","robots_max_imagepreview":"large","priority":null,"frequency":"default","local_seo":null,"limit_modified_date":false,"created":"2024-12-17 12:19:01","updated":"2026-09-03 00:50:26","focus_keyword":null,"additional_keywords":null,"truseo_locale":null,"primary_term":null,"ai":{"faqs":[],"keyPoints":[],"schemas":[],"titles":[],"descriptions":[],"socialPosts":{"email":{"subject":"","preview":"","content":""},"linkedin":[],"twitter":[],"facebook":[],"instagram":[]}},"breadcrumb_settings":null,"seo_analyzer_scan_date":null},"aioseo_breadcrumb":"<div class=\"aioseo-breadcrumbs\"><span class=\"aioseo-breadcrumb\">\n\t\t\t<a href=\"https:\/\/alberto-gil.com\" title=\"Inicio\">Inicio<\/a>\n\t\t<\/span><span class=\"aioseo-breadcrumb-separator\">&raquo;<\/span><span class=\"aioseo-breadcrumb\">\n\t\t\tAlberto Gil Yoga Tibetano\n\t\t<\/span><\/div>","aioseo_breadcrumb_json":[{"label":"Inicio","link":"https:\/\/alberto-gil.com"},{"label":"Alberto Gil Yoga Tibetano","link":"https:\/\/alberto-gil.com\/"}],"_links":{"self":[{"href":"https:\/\/alberto-gil.com\/index.php?rest_route=\/wp\/v2\/pages\/14468","targetHints":{"allow":["GET"]}}],"collection":[{"href":"https:\/\/alberto-gil.com\/index.php?rest_route=\/wp\/v2\/pages"}],"about":[{"href":"https:\/\/alberto-gil.com\/index.php?rest_route=\/wp\/v2\/types\/page"}],"author":[{"embeddable":true,"href":"https:\/\/alberto-gil.com\/index.php?rest_route=\/wp\/v2\/users\/3"}],"replies":[{"embeddable":true,"href":"https:\/\/alberto-gil.com\/index.php?rest_route=%2Fwp%2Fv2%2Fcomments&post=14468"}],"version-history":[{"count":102,"href":"https:\/\/alberto-gil.com\/index.php?rest_route=\/wp\/v2\/pages\/14468\/revisions"}],"predecessor-version":[{"id":15366,"href":"https:\/\/alberto-gil.com\/index.php?rest_route=\/wp\/v2\/pages\/14468\/revisions\/15366"}],"wp:attachment":[{"href":"https:\/\/alberto-gil.com\/index.php?rest_route=%2Fwp%2Fv2%2Fmedia&parent=14468"}],"curies":[{"name":"wp","href":"https:\/\/api.w.org\/{rel}","templated":true}]}}